{"id":6444,"date":"2025-05-08T19:17:42","date_gmt":"2025-05-08T19:17:42","guid":{"rendered":"https:\/\/www.futsalsanse.com\/webnueva\/?page_id=6444"},"modified":"2025-05-08T23:14:15","modified_gmt":"2025-05-08T23:14:15","slug":"colegios25","status":"publish","type":"page","link":"https:\/\/www.futsalsanse.com\/webnueva\/colegios25\/","title":{"rendered":"Colegios25"},"content":{"rendered":"<p>[et_pb_section fb_built=\u00bb1&#8243; _builder_version=\u00bb4.27.4&#8243; _module_preset=\u00bbdefault\u00bb background_color=\u00bb#a11007&#8243; background_image=\u00bbhttps:\/\/www.futsalsanse.com\/webnueva\/wp-content\/uploads\/2025\/05\/logo-simple-futsal-sanse-marca-agua@3x.png\u00bb background_size=\u00bbcustom\u00bb background_image_height=\u00bb280px\u00bb min_height=\u00bb200px\u00bb custom_margin=\u00bb75px||||false|false\u00bb hover_enabled=\u00bb0&#8243; global_colors_info=\u00bb{}\u00bb alt=\u00bbmarca de agua logo sanse futsal logo\u00bb title_text=\u00bblogo simple futsal sanse marca agua@3x\u00bb sticky_enabled=\u00bb0&#8243;][et_pb_row _builder_version=\u00bb4.27.4&#8243; _module_preset=\u00bbdefault\u00bb module_alignment=\u00bbcenter\u00bb height=\u00bb200px\u00bb hover_enabled=\u00bb0&#8243; global_colors_info=\u00bb{}\u00bb sticky_enabled=\u00bb0&#8243;][et_pb_column type=\u00bb4_4&#8243; _builder_version=\u00bb4.27.4&#8243; _module_preset=\u00bbdefault\u00bb global_colors_info=\u00bb{}\u00bb][et_pb_text _builder_version=\u00bb4.27.4&#8243; _module_preset=\u00bbdefault\u00bb text_font=\u00bbMontserrat|800|||||||\u00bb text_text_color=\u00bb#FFFFFF\u00bb text_font_size=\u00bb31px\u00bb text_orientation=\u00bbcenter\u00bb custom_padding=\u00bb52px||||false|false\u00bb global_colors_info=\u00bb{}\u00bb]<\/p>\n<h1><span style=\"color: #ffffff;\"><strong>COLEGIOS<\/strong><\/span><\/h1>\n<p>[\/et_pb_text][\/et_pb_column][\/et_pb_row][\/et_pb_section][et_pb_section fb_built=\u00bb1&#8243; _builder_version=\u00bb4.27.4&#8243; _module_preset=\u00bbdefault\u00bb hover_enabled=\u00bb0&#8243; global_colors_info=\u00bb{}\u00bb sticky_enabled=\u00bb0&#8243;][et_pb_row column_structure=\u00bb1_2,1_2&#8243; make_equal=\u00bbon\u00bb _builder_version=\u00bb4.27.4&#8243; _module_preset=\u00bbdefault\u00bb custom_css_before=\u00bbdisplay: flex;||flex-direction: column;||justify-content: center;\u00bb global_colors_info=\u00bb{}\u00bb][et_pb_column type=\u00bb1_2&#8243; _builder_version=\u00bb4.27.4&#8243; _module_preset=\u00bbdefault\u00bb hover_enabled=\u00bb0&#8243; global_colors_info=\u00bb{}\u00bb sticky_enabled=\u00bb0&#8243;][et_pb_text _builder_version=\u00bb4.27.4&#8243; _module_preset=\u00bbdefault\u00bb global_colors_info=\u00bb{}\u00bb]<\/p>\n<h1><strong>C.P. Infantas Elena y Cristina<\/strong><\/h1>\n<p>[\/et_pb_text][et_pb_text _builder_version=\u00bb4.27.4&#8243; _module_preset=\u00bbdefault\u00bb global_colors_info=\u00bb{}\u00bb]<\/p>\n<h2><strong>Avenida Moscatelares, 17<\/strong><\/h2>\n<h5>Lunes y mi\u00e9rcoles &#8211; 16:00-17:15<br \/>Martes y Jueves &#8211; 16:00-17:15<\/h5>\n<p>[\/et_pb_text][et_pb_button button_url=\u00bbhttps:\/\/www.futsalsanse.com\/webnueva\/producto\/extraescolares-25-16\/\u00bb button_text=\u00bb\u00a1Ap\u00fantate!\u00bb button_alignment=\u00bbcenter\u00bb _builder_version=\u00bb4.27.4&#8243; _module_preset=\u00bbdefault\u00bb custom_button=\u00bbon\u00bb button_text_size=\u00bb25px\u00bb button_text_color=\u00bb#EDF000&#8243; button_bg_color=\u00bb#E02B20&#8243; button_border_width=\u00bb0px\u00bb button_font=\u00bbMontserrat|700|||||||\u00bb button_use_icon=\u00bboff\u00bb global_colors_info=\u00bb{}\u00bb button_text_color__hover_enabled=\u00bbon|hover\u00bb button_text_color__hover=\u00bb#E02B20&#8243; button_bg_color__hover_enabled=\u00bbon|desktop\u00bb button_bg_color__hover=\u00bb#EDF000&#8243; button_bg_enable_color__hover=\u00bbon\u00bb global_module=\u00bb6498&#8243; theme_builder_area=\u00bbpost_content\u00bb saved_tabs=\u00bball\u00bb][\/et_pb_button][\/et_pb_column][et_pb_column type=\u00bb1_2&#8243; _builder_version=\u00bb4.27.4&#8243; _module_preset=\u00bbdefault\u00bb global_colors_info=\u00bb{}\u00bb][et_pb_image src=\u00bbhttps:\/\/www.futsalsanse.com\/webnueva\/wp-content\/uploads\/2022\/09\/INFANTAS3_pencil.jpg\u00bb title_text=\u00bbINFANTAS3_pencil\u00bb _builder_version=\u00bb4.27.4&#8243; _module_preset=\u00bbdefault\u00bb global_colors_info=\u00bb{}\u00bb][\/et_pb_image][\/et_pb_column][\/et_pb_row][\/et_pb_section][et_pb_section fb_built=\u00bb1&#8243; _builder_version=\u00bb4.27.4&#8243; _module_preset=\u00bbdefault\u00bb background_color=\u00bbrgba(0,0,0,0.04)\u00bb global_colors_info=\u00bb{}\u00bb][et_pb_row column_structure=\u00bb1_2,1_2&#8243; make_equal=\u00bbon\u00bb _builder_version=\u00bb4.27.4&#8243; _module_preset=\u00bbdefault\u00bb custom_css_before=\u00bbdisplay: flex;||flex-direction: column;||justify-content: center;\u00bb global_colors_info=\u00bb{}\u00bb][et_pb_column type=\u00bb1_2&#8243; _builder_version=\u00bb4.27.4&#8243; _module_preset=\u00bbdefault\u00bb global_colors_info=\u00bb{}\u00bb][et_pb_image src=\u00bbhttps:\/\/www.futsalsanse.com\/webnueva\/wp-content\/uploads\/2022\/09\/fotos-cole-futsal-ABuero-Vallejos-1.jpg\u00bb title_text=\u00bbfotos-cole-futsal-ABuero-Vallejos\u00bb _builder_version=\u00bb4.27.4&#8243; _module_preset=\u00bbdefault\u00bb global_colors_info=\u00bb{}\u00bb][\/et_pb_image][\/et_pb_column][et_pb_column type=\u00bb1_2&#8243; _builder_version=\u00bb4.27.4&#8243; _module_preset=\u00bbdefault\u00bb global_colors_info=\u00bb{}\u00bb][et_pb_text _builder_version=\u00bb4.27.4&#8243; _module_preset=\u00bbdefault\u00bb global_colors_info=\u00bb{}\u00bb]<\/p>\n<h1><strong>C.E.I.P. Buero Vallejo<\/strong><\/h1>\n<p>[\/et_pb_text][et_pb_text _builder_version=\u00bb4.27.4&#8243; _module_preset=\u00bbdefault\u00bb global_colors_info=\u00bb{}\u00bb]<\/p>\n<h2><strong>Calle Vizcaya, 28<\/strong><\/h2>\n<h5>Lunes y mi\u00e9rcoles &#8211; 16:00-17:15<\/p>\n<\/h5>\n<p>[\/et_pb_text][et_pb_button button_url=\u00bbhttps:\/\/www.futsalsanse.com\/webnueva\/producto\/extraescolares-25-16\/\u00bb button_text=\u00bb\u00a1Ap\u00fantate!\u00bb button_alignment=\u00bbcenter\u00bb _builder_version=\u00bb4.27.4&#8243; _module_preset=\u00bbdefault\u00bb custom_button=\u00bbon\u00bb button_text_size=\u00bb25px\u00bb button_text_color=\u00bb#EDF000&#8243; button_bg_color=\u00bb#E02B20&#8243; button_border_width=\u00bb0px\u00bb button_font=\u00bbMontserrat|700|||||||\u00bb button_use_icon=\u00bboff\u00bb global_colors_info=\u00bb{}\u00bb button_text_color__hover_enabled=\u00bbon|hover\u00bb button_text_color__hover=\u00bb#E02B20&#8243; button_bg_color__hover_enabled=\u00bbon|desktop\u00bb button_bg_color__hover=\u00bb#EDF000&#8243; button_bg_enable_color__hover=\u00bbon\u00bb global_module=\u00bb6498&#8243; theme_builder_area=\u00bbpost_content\u00bb saved_tabs=\u00bball\u00bb][\/et_pb_button][\/et_pb_column][\/et_pb_row][\/et_pb_section][et_pb_section fb_built=\u00bb1&#8243; _builder_version=\u00bb4.27.4&#8243; _module_preset=\u00bbdefault\u00bb global_colors_info=\u00bb{}\u00bb][et_pb_row column_structure=\u00bb1_2,1_2&#8243; make_equal=\u00bbon\u00bb _builder_version=\u00bb4.27.4&#8243; _module_preset=\u00bbdefault\u00bb custom_css_before=\u00bbdisplay: flex;||flex-direction: column;||justify-content: center;\u00bb global_colors_info=\u00bb{}\u00bb][et_pb_column type=\u00bb1_2&#8243; _builder_version=\u00bb4.27.4&#8243; _module_preset=\u00bbdefault\u00bb global_colors_info=\u00bb{}\u00bb][et_pb_text _builder_version=\u00bb4.27.4&#8243; _module_preset=\u00bbdefault\u00bb global_colors_info=\u00bb{}\u00bb]<\/p>\n<h1><strong>C.P. V Centenario<\/strong><\/h1>\n<p>[\/et_pb_text][et_pb_text _builder_version=\u00bb4.27.4&#8243; _module_preset=\u00bbdefault\u00bb global_colors_info=\u00bb{}\u00bb]<\/p>\n<h2><strong>Calle Real, 116<\/strong><\/h2>\n<h5>Lunes y mi\u00e9rcoles &#8211; 16:00-17:15<\/p>\n<\/h5>\n<p>[\/et_pb_text][et_pb_button button_url=\u00bbhttps:\/\/www.futsalsanse.com\/webnueva\/producto\/extraescolares-25-16\/\u00bb button_text=\u00bb\u00a1Ap\u00fantate!\u00bb button_alignment=\u00bbcenter\u00bb _builder_version=\u00bb4.27.4&#8243; _module_preset=\u00bbdefault\u00bb custom_button=\u00bbon\u00bb button_text_size=\u00bb25px\u00bb button_text_color=\u00bb#EDF000&#8243; button_bg_color=\u00bb#E02B20&#8243; button_border_width=\u00bb0px\u00bb button_font=\u00bbMontserrat|700|||||||\u00bb button_use_icon=\u00bboff\u00bb global_colors_info=\u00bb{}\u00bb button_text_color__hover_enabled=\u00bbon|hover\u00bb button_text_color__hover=\u00bb#E02B20&#8243; button_bg_color__hover_enabled=\u00bbon|desktop\u00bb button_bg_color__hover=\u00bb#EDF000&#8243; button_bg_enable_color__hover=\u00bbon\u00bb global_module=\u00bb6498&#8243; theme_builder_area=\u00bbpost_content\u00bb saved_tabs=\u00bball\u00bb][\/et_pb_button][\/et_pb_column][et_pb_column type=\u00bb1_2&#8243; _builder_version=\u00bb4.27.4&#8243; _module_preset=\u00bbdefault\u00bb global_colors_info=\u00bb{}\u00bb][et_pb_image src=\u00bbhttps:\/\/www.futsalsanse.com\/webnueva\/wp-content\/uploads\/2022\/09\/VCentenario.jpg\u00bb alt=\u00bbFutsal sanse V centenario\u00bb title_text=\u00bbVCentenario\u00bb _builder_version=\u00bb4.27.4&#8243; _module_preset=\u00bbdefault\u00bb global_colors_info=\u00bb{}\u00bb][\/et_pb_image][\/et_pb_column][\/et_pb_row][\/et_pb_section][et_pb_section fb_built=\u00bb1&#8243; _builder_version=\u00bb4.27.4&#8243; _module_preset=\u00bbdefault\u00bb background_color=\u00bbrgba(0,0,0,0.04)\u00bb global_colors_info=\u00bb{}\u00bb][et_pb_row column_structure=\u00bb1_2,1_2&#8243; make_equal=\u00bbon\u00bb _builder_version=\u00bb4.27.4&#8243; _module_preset=\u00bbdefault\u00bb custom_css_before=\u00bbdisplay: flex;||flex-direction: column;||justify-content: center;\u00bb global_colors_info=\u00bb{}\u00bb][et_pb_column type=\u00bb1_2&#8243; _builder_version=\u00bb4.27.4&#8243; _module_preset=\u00bbdefault\u00bb global_colors_info=\u00bb{}\u00bb][et_pb_image src=\u00bbhttps:\/\/www.futsalsanse.com\/webnueva\/wp-content\/uploads\/2022\/09\/fotos-cole-futsal-santa-teresa-de-calcuta.jpg\u00bb title_text=\u00bbfotos-cole-futsal-santa-teresa-de-calcuta\u00bb _builder_version=\u00bb4.27.4&#8243; _module_preset=\u00bbdefault\u00bb global_colors_info=\u00bb{}\u00bb][\/et_pb_image][\/et_pb_column][et_pb_column type=\u00bb1_2&#8243; _builder_version=\u00bb4.27.4&#8243; _module_preset=\u00bbdefault\u00bb global_colors_info=\u00bb{}\u00bb][et_pb_text _builder_version=\u00bb4.27.4&#8243; _module_preset=\u00bbdefault\u00bb global_colors_info=\u00bb{}\u00bb]<\/p>\n<h1><strong>C.E.I.P. Teresa de Calcuta<\/strong><\/h1>\n<p>[\/et_pb_text][et_pb_text _builder_version=\u00bb4.27.4&#8243; _module_preset=\u00bbdefault\u00bb custom_padding=\u00bb1px|||||\u00bb global_colors_info=\u00bb{}\u00bb]<\/p>\n<h2><strong>Calle Clara Campoamor, 3<\/strong><\/h2>\n<h5>Martes-Jueves &#8211; 16:00-17:15<\/h5>\n<p>&nbsp;<\/p>\n<p>[\/et_pb_text][et_pb_button button_url=\u00bbhttps:\/\/www.futsalsanse.com\/webnueva\/producto\/extraescolares-25-16\/\u00bb button_text=\u00bb\u00a1Ap\u00fantate!\u00bb button_alignment=\u00bbcenter\u00bb _builder_version=\u00bb4.27.4&#8243; _module_preset=\u00bbdefault\u00bb custom_button=\u00bbon\u00bb button_text_size=\u00bb25px\u00bb button_text_color=\u00bb#EDF000&#8243; button_bg_color=\u00bb#E02B20&#8243; button_border_width=\u00bb0px\u00bb button_font=\u00bbMontserrat|700|||||||\u00bb button_use_icon=\u00bboff\u00bb global_colors_info=\u00bb{}\u00bb button_text_color__hover_enabled=\u00bbon|hover\u00bb button_text_color__hover=\u00bb#E02B20&#8243; button_bg_color__hover_enabled=\u00bbon|desktop\u00bb button_bg_color__hover=\u00bb#EDF000&#8243; button_bg_enable_color__hover=\u00bbon\u00bb global_module=\u00bb6498&#8243; theme_builder_area=\u00bbpost_content\u00bb saved_tabs=\u00bball\u00bb][\/et_pb_button][\/et_pb_column][\/et_pb_row][\/et_pb_section][et_pb_section fb_built=\u00bb1&#8243; _builder_version=\u00bb4.27.4&#8243; _module_preset=\u00bbdefault\u00bb global_colors_info=\u00bb{}\u00bb][et_pb_row column_structure=\u00bb1_2,1_2&#8243; make_equal=\u00bbon\u00bb _builder_version=\u00bb4.27.4&#8243; _module_preset=\u00bbdefault\u00bb custom_css_before=\u00bbdisplay: flex;||flex-direction: column;||justify-content: center;\u00bb global_colors_info=\u00bb{}\u00bb][et_pb_column type=\u00bb1_2&#8243; _builder_version=\u00bb4.27.4&#8243; _module_preset=\u00bbdefault\u00bb global_colors_info=\u00bb{}\u00bb][et_pb_text _builder_version=\u00bb4.27.4&#8243; _module_preset=\u00bbdefault\u00bb global_colors_info=\u00bb{}\u00bb]<\/p>\n<h1><strong>C.E.I.P. Tempranales<\/strong><\/h1>\n<p>[\/et_pb_text][et_pb_text _builder_version=\u00bb4.27.4&#8243; _module_preset=\u00bbdefault\u00bb global_colors_info=\u00bb{}\u00bb]<\/p>\n<h2><strong>Calle Picos de Europa, 10<\/strong><\/h2>\n<h5>Martes-Jueves &#8211; 16:00-17:15<\/h5>\n<p>&nbsp;<\/p>\n<p>[\/et_pb_text][et_pb_button button_url=\u00bbhttps:\/\/www.futsalsanse.com\/webnueva\/producto\/extraescolares-25-16\/\u00bb button_text=\u00bb\u00a1Ap\u00fantate!\u00bb button_alignment=\u00bbcenter\u00bb _builder_version=\u00bb4.27.4&#8243; _module_preset=\u00bbdefault\u00bb custom_button=\u00bbon\u00bb button_text_size=\u00bb25px\u00bb button_text_color=\u00bb#EDF000&#8243; button_bg_color=\u00bb#E02B20&#8243; button_border_width=\u00bb0px\u00bb button_font=\u00bbMontserrat|700|||||||\u00bb button_use_icon=\u00bboff\u00bb global_colors_info=\u00bb{}\u00bb button_text_color__hover_enabled=\u00bbon|hover\u00bb button_text_color__hover=\u00bb#E02B20&#8243; button_bg_color__hover_enabled=\u00bbon|desktop\u00bb button_bg_color__hover=\u00bb#EDF000&#8243; button_bg_enable_color__hover=\u00bbon\u00bb global_module=\u00bb6498&#8243; theme_builder_area=\u00bbpost_content\u00bb saved_tabs=\u00bball\u00bb][\/et_pb_button][\/et_pb_column][et_pb_column type=\u00bb1_2&#8243; _builder_version=\u00bb4.27.4&#8243; _module_preset=\u00bbdefault\u00bb global_colors_info=\u00bb{}\u00bb][et_pb_image src=\u00bbhttps:\/\/www.futsalsanse.com\/webnueva\/wp-content\/uploads\/2022\/09\/Tempranales.jpg\u00bb alt=\u00bbfutsal sanse tempranales\u00bb title_text=\u00bbTempranales\u00bb _builder_version=\u00bb4.27.4&#8243; _module_preset=\u00bbdefault\u00bb global_colors_info=\u00bb{}\u00bb][\/et_pb_image][\/et_pb_column][\/et_pb_row][\/et_pb_section][et_pb_section fb_built=\u00bb1&#8243; _builder_version=\u00bb4.27.4&#8243; _module_preset=\u00bbdefault\u00bb background_color=\u00bbrgba(0,0,0,0.04)\u00bb global_colors_info=\u00bb{}\u00bb][et_pb_row column_structure=\u00bb1_2,1_2&#8243; make_equal=\u00bbon\u00bb _builder_version=\u00bb4.27.4&#8243; _module_preset=\u00bbdefault\u00bb custom_css_before=\u00bbdisplay: flex;||flex-direction: column;||justify-content: center;\u00bb global_colors_info=\u00bb{}\u00bb][et_pb_column type=\u00bb1_2&#8243; _builder_version=\u00bb4.27.4&#8243; _module_preset=\u00bbdefault\u00bb global_colors_info=\u00bb{}\u00bb][et_pb_image src=\u00bbhttps:\/\/www.futsalsanse.com\/webnueva\/wp-content\/uploads\/2022\/09\/fotos-cole-futsal-miguel-delibes.jpg\u00bb alt=\u00bbfutsal sanse miguel delibes\u00bb title_text=\u00bbfotos-cole-futsal-miguel-delibes\u00bb _builder_version=\u00bb4.27.4&#8243; _module_preset=\u00bbdefault\u00bb global_colors_info=\u00bb{}\u00bb][\/et_pb_image][\/et_pb_column][et_pb_column type=\u00bb1_2&#8243; _builder_version=\u00bb4.27.4&#8243; _module_preset=\u00bbdefault\u00bb global_colors_info=\u00bb{}\u00bb][et_pb_text _builder_version=\u00bb4.27.4&#8243; _module_preset=\u00bbdefault\u00bb global_colors_info=\u00bb{}\u00bb]<\/p>\n<h1><strong>C.E.I.P. Miguel Delibes<\/strong><\/h1>\n<p>[\/et_pb_text][et_pb_text _builder_version=\u00bb4.27.4&#8243; _module_preset=\u00bbdefault\u00bb custom_padding=\u00bb1px|||||\u00bb global_colors_info=\u00bb{}\u00bb]<\/p>\n<h2><strong>\u00a0Calle Alonso Zamora-Vicente, s\/n<\/strong><\/h2>\n<h5>Lunes-Mi\u00e9rcoles &#8211; 16:00-17:15<\/h5>\n<h5>Martes-Jueves &#8211; 16:00-17:15<\/h5>\n<p>&nbsp;<\/p>\n<p>[\/et_pb_text][et_pb_button button_url=\u00bbhttps:\/\/www.futsalsanse.com\/webnueva\/producto\/extraescolares-25-16\/\u00bb button_text=\u00bb\u00a1Ap\u00fantate!\u00bb button_alignment=\u00bbcenter\u00bb _builder_version=\u00bb4.27.4&#8243; _module_preset=\u00bbdefault\u00bb custom_button=\u00bbon\u00bb button_text_size=\u00bb25px\u00bb button_text_color=\u00bb#EDF000&#8243; button_bg_color=\u00bb#E02B20&#8243; button_border_width=\u00bb0px\u00bb button_font=\u00bbMontserrat|700|||||||\u00bb button_use_icon=\u00bboff\u00bb global_colors_info=\u00bb{}\u00bb button_text_color__hover_enabled=\u00bbon|hover\u00bb button_text_color__hover=\u00bb#E02B20&#8243; button_bg_color__hover_enabled=\u00bbon|desktop\u00bb button_bg_color__hover=\u00bb#EDF000&#8243; button_bg_enable_color__hover=\u00bbon\u00bb global_module=\u00bb6498&#8243; theme_builder_area=\u00bbpost_content\u00bb saved_tabs=\u00bball\u00bb][\/et_pb_button][\/et_pb_column][\/et_pb_row][\/et_pb_section][et_pb_section fb_built=\u00bb1&#8243; _builder_version=\u00bb4.27.4&#8243; _module_preset=\u00bbdefault\u00bb global_colors_info=\u00bb{}\u00bb][et_pb_row column_structure=\u00bb1_2,1_2&#8243; make_equal=\u00bbon\u00bb _builder_version=\u00bb4.27.4&#8243; _module_preset=\u00bbdefault\u00bb custom_css_before=\u00bbdisplay: flex;||flex-direction: column;||justify-content: center;\u00bb global_colors_info=\u00bb{}\u00bb][et_pb_column type=\u00bb1_2&#8243; _builder_version=\u00bb4.27.4&#8243; _module_preset=\u00bbdefault\u00bb global_colors_info=\u00bb{}\u00bb][et_pb_text _builder_version=\u00bb4.27.4&#8243; _module_preset=\u00bbdefault\u00bb global_colors_info=\u00bb{}\u00bb]<\/p>\n<h1><strong>C.E.I.P. Antonio Machado<\/strong><\/h1>\n<p>[\/et_pb_text][et_pb_text _builder_version=\u00bb4.27.4&#8243; _module_preset=\u00bbdefault\u00bb global_colors_info=\u00bb{}\u00bb]<\/p>\n<h2><strong>Avenida de Valencia, 5<\/strong><\/h2>\n<h5>Martes-Jueves &#8211; 16:00-17:15<\/h5>\n<p>&nbsp;<\/p>\n<p>[\/et_pb_text][et_pb_button button_url=\u00bbhttps:\/\/www.futsalsanse.com\/webnueva\/producto\/extraescolares-25-16\/\u00bb button_text=\u00bb\u00a1Ap\u00fantate!\u00bb button_alignment=\u00bbcenter\u00bb _builder_version=\u00bb4.27.4&#8243; _module_preset=\u00bbdefault\u00bb custom_button=\u00bbon\u00bb button_text_size=\u00bb25px\u00bb button_text_color=\u00bb#EDF000&#8243; button_bg_color=\u00bb#E02B20&#8243; button_border_width=\u00bb0px\u00bb button_font=\u00bbMontserrat|700|||||||\u00bb button_use_icon=\u00bboff\u00bb global_colors_info=\u00bb{}\u00bb button_text_color__hover_enabled=\u00bbon|hover\u00bb button_text_color__hover=\u00bb#E02B20&#8243; button_bg_color__hover_enabled=\u00bbon|desktop\u00bb button_bg_color__hover=\u00bb#EDF000&#8243; button_bg_enable_color__hover=\u00bbon\u00bb global_module=\u00bb6498&#8243; theme_builder_area=\u00bbpost_content\u00bb saved_tabs=\u00bball\u00bb][\/et_pb_button][\/et_pb_column][et_pb_column type=\u00bb1_2&#8243; _builder_version=\u00bb4.27.4&#8243; _module_preset=\u00bbdefault\u00bb global_colors_info=\u00bb{}\u00bb][et_pb_image src=\u00bbhttps:\/\/www.futsalsanse.com\/webnueva\/wp-content\/uploads\/2022\/09\/fotos-cole-futsal-Antonio-machados.jpg\u00bb alt=\u00bbfutsal sanse antonio machado\u00bb title_text=\u00bbfotos-cole-futsal-Antonio-machados\u00bb _builder_version=\u00bb4.27.4&#8243; _module_preset=\u00bbdefault\u00bb global_colors_info=\u00bb{}\u00bb][\/et_pb_image][\/et_pb_column][\/et_pb_row][\/et_pb_section][et_pb_section fb_built=\u00bb1&#8243; _builder_version=\u00bb4.27.4&#8243; _module_preset=\u00bbdefault\u00bb background_color=\u00bbrgba(0,0,0,0.04)\u00bb global_colors_info=\u00bb{}\u00bb][et_pb_row column_structure=\u00bb1_2,1_2&#8243; make_equal=\u00bbon\u00bb _builder_version=\u00bb4.27.4&#8243; _module_preset=\u00bbdefault\u00bb custom_css_before=\u00bbdisplay: flex;||flex-direction: column;||justify-content: center;\u00bb global_colors_info=\u00bb{}\u00bb][et_pb_column type=\u00bb1_2&#8243; _builder_version=\u00bb4.27.4&#8243; _module_preset=\u00bbdefault\u00bb global_colors_info=\u00bb{}\u00bb][et_pb_image src=\u00bbhttps:\/\/www.futsalsanse.com\/webnueva\/wp-content\/uploads\/2022\/09\/fotos-cole-futsal-principe-felipe.jpg\u00bb alt=\u00bbfutsal sanse principe felipe\u00bb title_text=\u00bbfotos-cole-futsal-principe-felipe\u00bb _builder_version=\u00bb4.27.4&#8243; _module_preset=\u00bbdefault\u00bb global_colors_info=\u00bb{}\u00bb][\/et_pb_image][\/et_pb_column][et_pb_column type=\u00bb1_2&#8243; _builder_version=\u00bb4.27.4&#8243; _module_preset=\u00bbdefault\u00bb global_colors_info=\u00bb{}\u00bb][et_pb_text _builder_version=\u00bb4.27.4&#8243; _module_preset=\u00bbdefault\u00bb global_colors_info=\u00bb{}\u00bb]<\/p>\n<h1><strong>C.E.I.P. Pr\u00edncipe Felipe<\/strong><\/h1>\n<p>[\/et_pb_text][et_pb_text _builder_version=\u00bb4.27.4&#8243; _module_preset=\u00bbdefault\u00bb custom_padding=\u00bb1px|||||\u00bb global_colors_info=\u00bb{}\u00bb]<\/p>\n<h2><strong>Avenida Valdelasfuentes, s\/n<\/strong><\/h2>\n<h5>Martes-Jueves &#8211; 16:00-17:45<\/h5>\n<p>&nbsp;<\/p>\n<p>[\/et_pb_text][et_pb_button button_url=\u00bbhttps:\/\/www.futsalsanse.com\/webnueva\/producto\/extraescolares-25-16\/\u00bb button_text=\u00bb\u00a1Ap\u00fantate!\u00bb button_alignment=\u00bbcenter\u00bb _builder_version=\u00bb4.27.4&#8243; _module_preset=\u00bbdefault\u00bb custom_button=\u00bbon\u00bb button_text_size=\u00bb25px\u00bb button_text_color=\u00bb#EDF000&#8243; button_bg_color=\u00bb#E02B20&#8243; button_border_width=\u00bb0px\u00bb button_font=\u00bbMontserrat|700|||||||\u00bb button_use_icon=\u00bboff\u00bb global_colors_info=\u00bb{}\u00bb button_text_color__hover_enabled=\u00bbon|hover\u00bb button_text_color__hover=\u00bb#E02B20&#8243; button_bg_color__hover_enabled=\u00bbon|desktop\u00bb button_bg_color__hover=\u00bb#EDF000&#8243; button_bg_enable_color__hover=\u00bbon\u00bb global_module=\u00bb6498&#8243; theme_builder_area=\u00bbpost_content\u00bb saved_tabs=\u00bball\u00bb][\/et_pb_button][\/et_pb_column][\/et_pb_row][\/et_pb_section][et_pb_section fb_built=\u00bb1&#8243; _builder_version=\u00bb4.27.4&#8243; _module_preset=\u00bbdefault\u00bb global_colors_info=\u00bb{}\u00bb][et_pb_row column_structure=\u00bb1_2,1_2&#8243; make_equal=\u00bbon\u00bb _builder_version=\u00bb4.27.4&#8243; _module_preset=\u00bbdefault\u00bb custom_css_before=\u00bbdisplay: flex;||flex-direction: column;||justify-content: center;\u00bb global_colors_info=\u00bb{}\u00bb][et_pb_column type=\u00bb1_2&#8243; _builder_version=\u00bb4.27.4&#8243; _module_preset=\u00bbdefault\u00bb global_colors_info=\u00bb{}\u00bb][et_pb_text _builder_version=\u00bb4.27.4&#8243; _module_preset=\u00bbdefault\u00bb global_colors_info=\u00bb{}\u00bb]<\/p>\n<h1><strong>C.E.I.P. Silvio Abad<\/strong><\/h1>\n<p>[\/et_pb_text][et_pb_text _builder_version=\u00bb4.27.4&#8243; _module_preset=\u00bbdefault\u00bb global_colors_info=\u00bb{}\u00bb]<\/p>\n<h2><strong>Calle Dos de Mayo, 2<\/strong><\/h2>\n<h5>Lunes-Mi\u00e9rcoles &#8211; 16:00-17:15<\/h5>\n<p>&nbsp;<\/p>\n<p>[\/et_pb_text][et_pb_button button_url=\u00bbhttps:\/\/www.futsalsanse.com\/webnueva\/producto\/extraescolares-25-16\/\u00bb button_text=\u00bb\u00a1Ap\u00fantate!\u00bb button_alignment=\u00bbcenter\u00bb _builder_version=\u00bb4.27.4&#8243; _module_preset=\u00bbdefault\u00bb custom_button=\u00bbon\u00bb button_text_size=\u00bb25px\u00bb button_text_color=\u00bb#EDF000&#8243; button_bg_color=\u00bb#E02B20&#8243; button_border_width=\u00bb0px\u00bb button_font=\u00bbMontserrat|700|||||||\u00bb button_use_icon=\u00bboff\u00bb global_colors_info=\u00bb{}\u00bb button_text_color__hover_enabled=\u00bbon|hover\u00bb button_text_color__hover=\u00bb#E02B20&#8243; button_bg_color__hover_enabled=\u00bbon|desktop\u00bb button_bg_color__hover=\u00bb#EDF000&#8243; button_bg_enable_color__hover=\u00bbon\u00bb global_module=\u00bb6498&#8243; theme_builder_area=\u00bbpost_content\u00bb saved_tabs=\u00bball\u00bb][\/et_pb_button][\/et_pb_column][et_pb_column type=\u00bb1_2&#8243; _builder_version=\u00bb4.27.4&#8243; _module_preset=\u00bbdefault\u00bb global_colors_info=\u00bb{}\u00bb][et_pb_image src=\u00bbhttps:\/\/www.futsalsanse.com\/webnueva\/wp-content\/uploads\/2022\/09\/fotos-cole-futsal-silvio-abad.jpg\u00bb alt=\u00bbfutsal sanse silvio abad\u00bb title_text=\u00bbfotos-cole-futsal-silvio-abad\u00bb _builder_version=\u00bb4.27.4&#8243; _module_preset=\u00bbdefault\u00bb global_colors_info=\u00bb{}\u00bb][\/et_pb_image][\/et_pb_column][\/et_pb_row][\/et_pb_section][et_pb_section fb_built=\u00bb1&#8243; _builder_version=\u00bb4.27.4&#8243; _module_preset=\u00bbdefault\u00bb background_color=\u00bbrgba(0,0,0,0.04)\u00bb global_colors_info=\u00bb{}\u00bb][et_pb_row column_structure=\u00bb1_2,1_2&#8243; make_equal=\u00bbon\u00bb _builder_version=\u00bb4.27.4&#8243; _module_preset=\u00bbdefault\u00bb custom_css_before=\u00bbdisplay: flex;||flex-direction: column;||justify-content: center;\u00bb global_colors_info=\u00bb{}\u00bb][et_pb_column type=\u00bb1_2&#8243; _builder_version=\u00bb4.27.4&#8243; _module_preset=\u00bbdefault\u00bb global_colors_info=\u00bb{}\u00bb][et_pb_image src=\u00bbhttps:\/\/www.futsalsanse.com\/webnueva\/wp-content\/uploads\/2023\/09\/fotos-cole-futsal-maria-teresa.jpg\u00bb alt=\u00bbFoto dibujo carlos rovira colegio maria teresa alcobendas\u00bb title_text=\u00bbfotos-cole-futsal-maria-teresa\u00bb _builder_version=\u00bb4.27.4&#8243; _module_preset=\u00bbdefault\u00bb global_colors_info=\u00bb{}\u00bb][\/et_pb_image][\/et_pb_column][et_pb_column type=\u00bb1_2&#8243; _builder_version=\u00bb4.27.4&#8243; _module_preset=\u00bbdefault\u00bb global_colors_info=\u00bb{}\u00bb][et_pb_text _builder_version=\u00bb4.27.4&#8243; _module_preset=\u00bbdefault\u00bb global_colors_info=\u00bb{}\u00bb]<\/p>\n<h1><strong>C.E.I.P. Mar\u00eda Teresa (Alcobendas)<\/strong><\/h1>\n<p>[\/et_pb_text][et_pb_text _builder_version=\u00bb4.27.4&#8243; _module_preset=\u00bbdefault\u00bb custom_padding=\u00bb1px|||||\u00bb global_colors_info=\u00bb{}\u00bb]<\/p>\n<h2><strong>Calle Mar\u00eda Teresa, 2<\/strong><\/h2>\n<h5>Lunes-Mi\u00e9rcoles &#8211; 17:15-18:15<\/h5>\n<h5>Martes-Jueves &#8211; 17:15-18:15<\/h5>\n<p>&nbsp;<\/p>\n<p>[\/et_pb_text][et_pb_button button_url=\u00bbhttps:\/\/www.futsalsanse.com\/webnueva\/producto\/extraescolares-25-16\/\u00bb button_text=\u00bb\u00a1Ap\u00fantate!\u00bb button_alignment=\u00bbcenter\u00bb _builder_version=\u00bb4.27.4&#8243; _module_preset=\u00bbdefault\u00bb custom_button=\u00bbon\u00bb button_text_size=\u00bb25px\u00bb button_text_color=\u00bb#EDF000&#8243; button_bg_color=\u00bb#E02B20&#8243; button_border_width=\u00bb0px\u00bb button_font=\u00bbMontserrat|700|||||||\u00bb button_use_icon=\u00bboff\u00bb global_colors_info=\u00bb{}\u00bb button_text_color__hover_enabled=\u00bbon|hover\u00bb button_text_color__hover=\u00bb#E02B20&#8243; button_bg_color__hover_enabled=\u00bbon|desktop\u00bb button_bg_color__hover=\u00bb#EDF000&#8243; button_bg_enable_color__hover=\u00bbon\u00bb global_module=\u00bb6498&#8243; theme_builder_area=\u00bbpost_content\u00bb saved_tabs=\u00bball\u00bb][\/et_pb_button][\/et_pb_column][\/et_pb_row][\/et_pb_section][et_pb_section fb_built=\u00bb1&#8243; disabled_on=\u00bboff|on|on\u00bb admin_label=\u00bbColegio Las infantas MOVIL\u00bb _builder_version=\u00bb4.18.0&#8243; _module_preset=\u00bbdefault\u00bb custom_padding=\u00bb16px||2px|||\u00bb global_colors_info=\u00bb{}\u00bb][et_pb_row _builder_version=\u00bb4.18.0&#8243; _module_preset=\u00bbdefault\u00bb global_colors_info=\u00bb{}\u00bb][et_pb_column type=\u00bb4_4&#8243; _builder_version=\u00bb4.18.0&#8243; _module_preset=\u00bbdefault\u00bb global_colors_info=\u00bb{}\u00bb][et_pb_text _builder_version=\u00bb4.18.0&#8243; _module_preset=\u00bbdefault\u00bb text_font=\u00bbMontserrat|700|||||||\u00bb text_font_size=\u00bb20px\u00bb global_colors_info=\u00bb{}\u00bb]<\/p>\n<h2 style=\"text-align: center;\">C.P. INFANTAS<br \/>ELENA Y CRISTINA<\/h2>\n<p>[\/et_pb_text][et_pb_image src=\u00bbhttps:\/\/www.futsalsanse.com\/webnueva\/wp-content\/uploads\/2022\/08\/INFANTAS3_pencil.jpg\u00bb alt=\u00bbCole infantas san sebastian de los reyes\u00bb title_text=\u00bbINFANTAS3_pencil\u00bb _builder_version=\u00bb4.18.0&#8243; _module_preset=\u00bbdefault\u00bb global_colors_info=\u00bb{}\u00bb][\/et_pb_image][et_pb_text _builder_version=\u00bb4.18.0&#8243; _module_preset=\u00bbdefault\u00bb global_colors_info=\u00bb{}\u00bb]<\/p>\n<p>Horarios:<br \/>Lunes y m\u00ed\u00e9rcoles 16.00-17.15<br \/>Martes y jueves 16.00-17.15<\/p>\n<p>Avenida Moscatelares, 17<\/p>\n<p>[\/et_pb_text][et_pb_button button_url=\u00bbhttps:\/\/www.futsalsanse.com\/webnueva\/tienda\/\u00bb button_text=\u00bbAP\u00daNTATE\u00bb button_alignment=\u00bbcenter\u00bb admin_label=\u00bbAPUNTATE\u00bb _builder_version=\u00bb4.18.0&#8243; _module_preset=\u00bbdefault\u00bb custom_button=\u00bbon\u00bb button_text_size=\u00bb18px\u00bb button_text_color=\u00bb#FFFFFF\u00bb button_bg_color=\u00bb#E02B20&#8243; transform_scale_linked=\u00bboff\u00bb global_colors_info=\u00bb{}\u00bb][\/et_pb_button][\/et_pb_column][\/et_pb_row][et_pb_row _builder_version=\u00bb4.18.0&#8243; _module_preset=\u00bbdefault\u00bb global_colors_info=\u00bb{}\u00bb][et_pb_column type=\u00bb4_4&#8243; _builder_version=\u00bb4.18.0&#8243; _module_preset=\u00bbdefault\u00bb global_colors_info=\u00bb{}\u00bb][et_pb_text _builder_version=\u00bb4.18.0&#8243; _module_preset=\u00bbdefault\u00bb text_font=\u00bbMontserrat|700|||||||\u00bb text_font_size=\u00bb20px\u00bb global_colors_info=\u00bb{}\u00bb]<\/p>\n<h2 style=\"text-align: center;\">C.E.I.P. BUERO VALLEJO<\/h2>\n<p>[\/et_pb_text][et_pb_image src=\u00bbhttps:\/\/www.futsalsanse.com\/webnueva\/wp-content\/uploads\/2022\/09\/fotos-cole-futsal-ABuero-Vallejos-1.jpg\u00bb alt=\u00bbCole infantas san sebastian de los reyes\u00bb title_text=\u00bbfotos-cole-futsal-ABuero-Vallejos\u00bb _builder_version=\u00bb4.18.0&#8243; _module_preset=\u00bbdefault\u00bb global_colors_info=\u00bb{}\u00bb][\/et_pb_image][et_pb_text _builder_version=\u00bb4.18.0&#8243; _module_preset=\u00bbdefault\u00bb global_colors_info=\u00bb{}\u00bb]<\/p>\n<p>Horarios:<br \/>Lunes y m\u00ed\u00e9rcoles 16.00-17.15<\/p>\n<p>Calle Vizcaya, 28<\/p>\n<p>[\/et_pb_text][et_pb_button button_url=\u00bbhttps:\/\/www.futsalsanse.com\/webnueva\/tienda\/\u00bb button_text=\u00bbAP\u00daNTATE\u00bb button_alignment=\u00bbcenter\u00bb admin_label=\u00bbAPUNTATE\u00bb _builder_version=\u00bb4.18.0&#8243; _module_preset=\u00bbdefault\u00bb custom_button=\u00bbon\u00bb button_text_size=\u00bb18px\u00bb button_text_color=\u00bb#FFFFFF\u00bb button_bg_color=\u00bb#E02B20&#8243; transform_scale_linked=\u00bboff\u00bb global_colors_info=\u00bb{}\u00bb][\/et_pb_button][\/et_pb_column][\/et_pb_row][\/et_pb_section][et_pb_section fb_built=\u00bb1&#8243; disabled_on=\u00bboff|on|on\u00bb admin_label=\u00bbColegio Las infantas MOVIL\u00bb _builder_version=\u00bb4.18.0&#8243; _module_preset=\u00bbdefault\u00bb custom_padding=\u00bb16px||2px|||\u00bb global_colors_info=\u00bb{}\u00bb][et_pb_row _builder_version=\u00bb4.18.0&#8243; _module_preset=\u00bbdefault\u00bb global_colors_info=\u00bb{}\u00bb][et_pb_column type=\u00bb4_4&#8243; _builder_version=\u00bb4.18.0&#8243; _module_preset=\u00bbdefault\u00bb global_colors_info=\u00bb{}\u00bb][et_pb_text _builder_version=\u00bb4.18.0&#8243; _module_preset=\u00bbdefault\u00bb text_font=\u00bbMontserrat|700|||||||\u00bb text_font_size=\u00bb20px\u00bb global_colors_info=\u00bb{}\u00bb]<\/p>\n<h2 style=\"text-align: center;\">C.P. V CENTENARIO<\/h2>\n<p>[\/et_pb_text][et_pb_image src=\u00bbhttps:\/\/www.futsalsanse.com\/webnueva\/wp-content\/uploads\/2022\/09\/VCentenario.jpg\u00bb alt=\u00bbFutsal sanse V centenario\u00bb title_text=\u00bbVCentenario\u00bb url=\u00bbhttps:\/\/www.futsalsanse.com\/webnueva\/tienda\/\u00bb _builder_version=\u00bb4.18.0&#8243; _module_preset=\u00bbdefault\u00bb global_colors_info=\u00bb{}\u00bb][\/et_pb_image][et_pb_text _builder_version=\u00bb4.18.0&#8243; _module_preset=\u00bbdefault\u00bb global_colors_info=\u00bb{}\u00bb]<\/p>\n<p>Horarios:<br \/>Lunes y mi\u00e9rcoles 16.30-17.45<\/p>\n<p>Calle Real, 116<\/p>\n<p>[\/et_pb_text][et_pb_button button_url=\u00bbhttps:\/\/www.futsalsanse.com\/webnueva\/tienda\/\u00bb button_text=\u00bbAP\u00daNTATE\u00bb button_alignment=\u00bbcenter\u00bb admin_label=\u00bbAPUNTATE\u00bb _builder_version=\u00bb4.18.0&#8243; _module_preset=\u00bbdefault\u00bb custom_button=\u00bbon\u00bb button_text_size=\u00bb18px\u00bb button_text_color=\u00bb#FFFFFF\u00bb button_bg_color=\u00bb#E02B20&#8243; transform_scale_linked=\u00bboff\u00bb global_colors_info=\u00bb{}\u00bb][\/et_pb_button][\/et_pb_column][\/et_pb_row][\/et_pb_section][et_pb_section fb_built=\u00bb1&#8243; disabled_on=\u00bboff|on|on\u00bb admin_label=\u00bbColegio Las infantas MOVIL\u00bb _builder_version=\u00bb4.18.0&#8243; _module_preset=\u00bbdefault\u00bb custom_padding=\u00bb16px||2px|||\u00bb global_colors_info=\u00bb{}\u00bb][et_pb_row _builder_version=\u00bb4.18.0&#8243; _module_preset=\u00bbdefault\u00bb global_colors_info=\u00bb{}\u00bb][et_pb_column type=\u00bb4_4&#8243; _builder_version=\u00bb4.18.0&#8243; _module_preset=\u00bbdefault\u00bb global_colors_info=\u00bb{}\u00bb][et_pb_text _builder_version=\u00bb4.18.0&#8243; _module_preset=\u00bbdefault\u00bb text_font=\u00bbMontserrat|700|||||||\u00bb text_font_size=\u00bb20px\u00bb global_colors_info=\u00bb{}\u00bb]<\/p>\n<h2 style=\"text-align: center;\">C.E.I.P. SANTA TERESA DE CALCUTA<\/h2>\n<p>[\/et_pb_text][et_pb_image src=\u00bbhttps:\/\/www.futsalsanse.com\/webnueva\/wp-content\/uploads\/2022\/09\/fotos-cole-futsal-santa-teresa-de-calcuta.jpg\u00bb alt=\u00bbFutsal sanse V centenario\u00bb title_text=\u00bbfotos-cole-futsal-santa-teresa-de-calcuta\u00bb url=\u00bbhttps:\/\/www.futsalsanse.com\/webnueva\/tienda\/\u00bb _builder_version=\u00bb4.18.0&#8243; _module_preset=\u00bbdefault\u00bb global_colors_info=\u00bb{}\u00bb][\/et_pb_image][et_pb_text _builder_version=\u00bb4.18.0&#8243; _module_preset=\u00bbdefault\u00bb global_colors_info=\u00bb{}\u00bb]<\/p>\n<p>Horarios:<br \/>Martes y jueves 16.30-17.45<\/p>\n<p>Calle Clara Campoamor, 3<\/p>\n<p>[\/et_pb_text][et_pb_button button_url=\u00bbhttps:\/\/www.futsalsanse.com\/webnueva\/tienda\/\u00bb button_text=\u00bbAP\u00daNTATE\u00bb button_alignment=\u00bbcenter\u00bb admin_label=\u00bbAPUNTATE\u00bb _builder_version=\u00bb4.18.0&#8243; _module_preset=\u00bbdefault\u00bb custom_button=\u00bbon\u00bb button_text_size=\u00bb18px\u00bb button_text_color=\u00bb#FFFFFF\u00bb button_bg_color=\u00bb#E02B20&#8243; transform_scale_linked=\u00bboff\u00bb global_colors_info=\u00bb{}\u00bb][\/et_pb_button][\/et_pb_column][\/et_pb_row][\/et_pb_section][et_pb_section fb_built=\u00bb1&#8243; disabled_on=\u00bboff|on|on\u00bb admin_label=\u00bbColegio Las infantas MOVIL\u00bb _builder_version=\u00bb4.18.0&#8243; _module_preset=\u00bbdefault\u00bb custom_padding=\u00bb16px||2px|||\u00bb global_colors_info=\u00bb{}\u00bb][et_pb_row _builder_version=\u00bb4.18.0&#8243; _module_preset=\u00bbdefault\u00bb global_colors_info=\u00bb{}\u00bb][et_pb_column type=\u00bb4_4&#8243; _builder_version=\u00bb4.18.0&#8243; _module_preset=\u00bbdefault\u00bb global_colors_info=\u00bb{}\u00bb][et_pb_text _builder_version=\u00bb4.18.0&#8243; _module_preset=\u00bbdefault\u00bb text_font=\u00bbMontserrat|700|||||||\u00bb text_font_size=\u00bb20px\u00bb global_colors_info=\u00bb{}\u00bb]<\/p>\n<h2 style=\"text-align: center;\">C.E.I.P.<br \/>TEMPRANALES<\/h2>\n<p>[\/et_pb_text][et_pb_image src=\u00bbhttps:\/\/www.futsalsanse.com\/webnueva\/wp-content\/uploads\/2022\/08\/Tempranales.jpg\u00bb alt=\u00bbColegio Tempranales\u00bb title_text=\u00bbTempranales\u00bb url=\u00bbhttps:\/\/www.futsalsanse.com\/webnueva\/tienda\/\u00bb _builder_version=\u00bb4.18.0&#8243; _module_preset=\u00bbdefault\u00bb global_colors_info=\u00bb{}\u00bb][\/et_pb_image][et_pb_text _builder_version=\u00bb4.18.0&#8243; _module_preset=\u00bbdefault\u00bb global_colors_info=\u00bb{}\u00bb]<\/p>\n<p>Horarios:<br \/>Martes y jueves 16.00-17.15<\/p>\n<p>Calle Picos de Europa, 10<\/p>\n<p>[\/et_pb_text][et_pb_button button_url=\u00bbhttps:\/\/www.futsalsanse.com\/webnueva\/tienda\/\u00bb button_text=\u00bbAP\u00daNTATE\u00bb button_alignment=\u00bbcenter\u00bb admin_label=\u00bbAPUNTATE\u00bb _builder_version=\u00bb4.18.0&#8243; _module_preset=\u00bbdefault\u00bb custom_button=\u00bbon\u00bb button_text_size=\u00bb18px\u00bb button_text_color=\u00bb#FFFFFF\u00bb button_bg_color=\u00bb#E02B20&#8243; transform_scale_linked=\u00bboff\u00bb global_colors_info=\u00bb{}\u00bb][\/et_pb_button][\/et_pb_column][\/et_pb_row][\/et_pb_section][et_pb_section fb_built=\u00bb1&#8243; disabled_on=\u00bboff|on|on\u00bb admin_label=\u00bbColegio Las infantas MOVIL\u00bb _builder_version=\u00bb4.18.0&#8243; _module_preset=\u00bbdefault\u00bb custom_padding=\u00bb16px||2px|||\u00bb global_colors_info=\u00bb{}\u00bb][et_pb_row _builder_version=\u00bb4.18.0&#8243; _module_preset=\u00bbdefault\u00bb global_colors_info=\u00bb{}\u00bb][et_pb_column type=\u00bb4_4&#8243; _builder_version=\u00bb4.18.0&#8243; _module_preset=\u00bbdefault\u00bb global_colors_info=\u00bb{}\u00bb][et_pb_text _builder_version=\u00bb4.18.0&#8243; _module_preset=\u00bbdefault\u00bb text_font=\u00bbMontserrat|700|||||||\u00bb text_font_size=\u00bb20px\u00bb global_colors_info=\u00bb{}\u00bb]<\/p>\n<h2 style=\"text-align: center;\">C.E.I.P.<br \/>MIGUEL DELIBES<\/h2>\n<p>[\/et_pb_text][et_pb_image src=\u00bbhttps:\/\/www.futsalsanse.com\/webnueva\/wp-content\/uploads\/2022\/09\/fotos-cole-futsal-miguel-delibes.jpg\u00bb alt=\u00bbfutsal sanse miguel delibes\u00bb title_text=\u00bbfotos-cole-futsal-miguel-delibes\u00bb url=\u00bbhttps:\/\/www.futsalsanse.com\/webnueva\/tienda\/\u00bb _builder_version=\u00bb4.18.0&#8243; _module_preset=\u00bbdefault\u00bb global_colors_info=\u00bb{}\u00bb][\/et_pb_image][et_pb_text _builder_version=\u00bb4.18.0&#8243; _module_preset=\u00bbdefault\u00bb global_colors_info=\u00bb{}\u00bb]<\/p>\n<p>Horarios:<br \/>Lunes y mi\u00e9rcoles 16:00-17:15<br \/>Martes y jueves 16.00-17.15<\/p>\n<p>Calle Alonso Zamora Vicente, s\/n<\/p>\n<p>[\/et_pb_text][et_pb_button button_url=\u00bbhttps:\/\/www.futsalsanse.com\/webnueva\/tienda\/\u00bb button_text=\u00bbAP\u00daNTATE\u00bb button_alignment=\u00bbcenter\u00bb admin_label=\u00bbAPUNTATE\u00bb _builder_version=\u00bb4.18.0&#8243; _module_preset=\u00bbdefault\u00bb custom_button=\u00bbon\u00bb button_text_size=\u00bb18px\u00bb button_text_color=\u00bb#FFFFFF\u00bb button_bg_color=\u00bb#E02B20&#8243; transform_scale_linked=\u00bboff\u00bb global_colors_info=\u00bb{}\u00bb][\/et_pb_button][\/et_pb_column][\/et_pb_row][\/et_pb_section][et_pb_section fb_built=\u00bb1&#8243; disabled_on=\u00bboff|on|on\u00bb admin_label=\u00bbColegio Las infantas MOVIL\u00bb _builder_version=\u00bb4.18.0&#8243; _module_preset=\u00bbdefault\u00bb custom_padding=\u00bb16px||2px|||\u00bb global_colors_info=\u00bb{}\u00bb][et_pb_row _builder_version=\u00bb4.18.0&#8243; _module_preset=\u00bbdefault\u00bb global_colors_info=\u00bb{}\u00bb][et_pb_column type=\u00bb4_4&#8243; _builder_version=\u00bb4.18.0&#8243; _module_preset=\u00bbdefault\u00bb global_colors_info=\u00bb{}\u00bb][et_pb_text _builder_version=\u00bb4.18.0&#8243; _module_preset=\u00bbdefault\u00bb text_font=\u00bbMontserrat|700|||||||\u00bb text_font_size=\u00bb20px\u00bb global_colors_info=\u00bb{}\u00bb]<\/p>\n<h2 style=\"text-align: center;\">C.E.I.P.<br \/>ANTONIO MACHADO<\/h2>\n<p>[\/et_pb_text][et_pb_image src=\u00bbhttps:\/\/www.futsalsanse.com\/webnueva\/wp-content\/uploads\/2022\/09\/fotos-cole-futsal-Antonio-machados.jpg\u00bb alt=\u00bbfutsal sanse antonio machado\u00bb title_text=\u00bbfotos-cole-futsal-Antonio-machados\u00bb url=\u00bbhttps:\/\/www.futsalsanse.com\/webnueva\/tienda\/\u00bb _builder_version=\u00bb4.18.0&#8243; _module_preset=\u00bbdefault\u00bb global_colors_info=\u00bb{}\u00bb][\/et_pb_image][et_pb_text _builder_version=\u00bb4.18.0&#8243; _module_preset=\u00bbdefault\u00bb global_colors_info=\u00bb{}\u00bb]<\/p>\n<p>Horarios:<br \/>Lunes y mi\u00e9rcoles 16:00-17:15<\/p>\n<p>Calle Alonso Zamora Vicente, s\/n<\/p>\n<p>[\/et_pb_text][et_pb_button button_url=\u00bbhttps:\/\/www.futsalsanse.com\/webnueva\/tienda\/\u00bb button_text=\u00bbAP\u00daNTATE\u00bb button_alignment=\u00bbcenter\u00bb admin_label=\u00bbAPUNTATE\u00bb _builder_version=\u00bb4.18.0&#8243; _module_preset=\u00bbdefault\u00bb custom_button=\u00bbon\u00bb button_text_size=\u00bb18px\u00bb button_text_color=\u00bb#FFFFFF\u00bb button_bg_color=\u00bb#E02B20&#8243; transform_scale_linked=\u00bboff\u00bb global_colors_info=\u00bb{}\u00bb][\/et_pb_button][\/et_pb_column][\/et_pb_row][\/et_pb_section][et_pb_section fb_built=\u00bb1&#8243; disabled_on=\u00bboff|on|on\u00bb admin_label=\u00bbColegio Las infantas MOVIL\u00bb _builder_version=\u00bb4.18.0&#8243; _module_preset=\u00bbdefault\u00bb custom_padding=\u00bb16px||2px|||\u00bb global_colors_info=\u00bb{}\u00bb][et_pb_row _builder_version=\u00bb4.18.0&#8243; _module_preset=\u00bbdefault\u00bb global_colors_info=\u00bb{}\u00bb][et_pb_column type=\u00bb4_4&#8243; _builder_version=\u00bb4.18.0&#8243; _module_preset=\u00bbdefault\u00bb global_colors_info=\u00bb{}\u00bb][et_pb_text _builder_version=\u00bb4.18.0&#8243; _module_preset=\u00bbdefault\u00bb text_font=\u00bbMontserrat|700|||||||\u00bb text_font_size=\u00bb20px\u00bb global_colors_info=\u00bb{}\u00bb]<\/p>\n<h2 style=\"text-align: center;\">C.E.I.P.<br \/>PR\u00cdNCIPE FELIPE<\/h2>\n<p>[\/et_pb_text][et_pb_image src=\u00bbhttps:\/\/www.futsalsanse.com\/webnueva\/wp-content\/uploads\/2022\/09\/fotos-cole-futsal-Antonio-machados.jpg\u00bb alt=\u00bbfutsal sanse antonio machado\u00bb title_text=\u00bbfotos-cole-futsal-Antonio-machados\u00bb url=\u00bbhttps:\/\/www.futsalsanse.com\/webnueva\/tienda\/\u00bb _builder_version=\u00bb4.18.0&#8243; _module_preset=\u00bbdefault\u00bb global_colors_info=\u00bb{}\u00bb][\/et_pb_image][et_pb_text _builder_version=\u00bb4.18.0&#8243; _module_preset=\u00bbdefault\u00bb global_colors_info=\u00bb{}\u00bb]<\/p>\n<p>Horarios:<br \/>Martes y jueves 16:30-17:45<\/p>\n<p>Avenida Valdelasfuentes, s\/n<\/p>\n<p>[\/et_pb_text][et_pb_button button_url=\u00bbhttps:\/\/www.futsalsanse.com\/webnueva\/tienda\/\u00bb button_text=\u00bbAP\u00daNTATE\u00bb button_alignment=\u00bbcenter\u00bb admin_label=\u00bbAPUNTATE\u00bb _builder_version=\u00bb4.18.0&#8243; _module_preset=\u00bbdefault\u00bb custom_button=\u00bbon\u00bb button_text_size=\u00bb18px\u00bb button_text_color=\u00bb#FFFFFF\u00bb button_bg_color=\u00bb#E02B20&#8243; transform_scale_linked=\u00bboff\u00bb global_colors_info=\u00bb{}\u00bb][\/et_pb_button][\/et_pb_column][\/et_pb_row][\/et_pb_section][et_pb_section fb_built=\u00bb1&#8243; disabled_on=\u00bboff|on|on\u00bb admin_label=\u00bbColegio Las infantas MOVIL\u00bb _builder_version=\u00bb4.18.0&#8243; _module_preset=\u00bbdefault\u00bb custom_padding=\u00bb16px||2px|||\u00bb global_colors_info=\u00bb{}\u00bb][et_pb_row _builder_version=\u00bb4.18.0&#8243; _module_preset=\u00bbdefault\u00bb global_colors_info=\u00bb{}\u00bb][et_pb_column type=\u00bb4_4&#8243; _builder_version=\u00bb4.18.0&#8243; _module_preset=\u00bbdefault\u00bb global_colors_info=\u00bb{}\u00bb][et_pb_text _builder_version=\u00bb4.18.0&#8243; _module_preset=\u00bbdefault\u00bb text_font=\u00bbMontserrat|700|||||||\u00bb text_font_size=\u00bb20px\u00bb global_colors_info=\u00bb{}\u00bb]<\/p>\n<h2 style=\"text-align: center;\">C.E.I.P.<br \/>SAN SEBASTI\u00c1N<\/h2>\n<p>[\/et_pb_text][et_pb_image src=\u00bbhttps:\/\/www.futsalsanse.com\/webnueva\/wp-content\/uploads\/2022\/09\/fotos-cole-futsal-San-Sebastian.jpg\u00bb alt=\u00bbfutsal sanse san sebastian\u00bb title_text=\u00bbfotos-cole-futsal-San-Sebastian\u00bb url=\u00bbhttps:\/\/www.futsalsanse.com\/webnueva\/tienda\/\u00bb _builder_version=\u00bb4.18.0&#8243; _module_preset=\u00bbdefault\u00bb global_colors_info=\u00bb{}\u00bb][\/et_pb_image][et_pb_text _builder_version=\u00bb4.18.0&#8243; _module_preset=\u00bbdefault\u00bb global_colors_info=\u00bb{}\u00bb]<\/p>\n<p>Horarios:<br \/>Lunes y mi\u00e9rcoles 16:00-17:15<\/p>\n<p>Avenida de Valencia, 5<\/p>\n<p>[\/et_pb_text][et_pb_button button_url=\u00bbhttps:\/\/www.futsalsanse.com\/webnueva\/tienda\/\u00bb button_text=\u00bbAP\u00daNTATE\u00bb button_alignment=\u00bbcenter\u00bb admin_label=\u00bbAPUNTATE\u00bb _builder_version=\u00bb4.18.0&#8243; _module_preset=\u00bbdefault\u00bb custom_button=\u00bbon\u00bb button_text_size=\u00bb18px\u00bb button_text_color=\u00bb#FFFFFF\u00bb button_bg_color=\u00bb#E02B20&#8243; transform_scale_linked=\u00bboff\u00bb global_colors_info=\u00bb{}\u00bb][\/et_pb_button][\/et_pb_column][\/et_pb_row][\/et_pb_section][et_pb_section fb_built=\u00bb1&#8243; disabled_on=\u00bboff|on|on\u00bb admin_label=\u00bbColegio Las infantas MOVIL\u00bb _builder_version=\u00bb4.18.0&#8243; _module_preset=\u00bbdefault\u00bb custom_padding=\u00bb16px||2px|||\u00bb global_colors_info=\u00bb{}\u00bb][et_pb_row _builder_version=\u00bb4.18.0&#8243; _module_preset=\u00bbdefault\u00bb global_colors_info=\u00bb{}\u00bb][et_pb_column type=\u00bb4_4&#8243; _builder_version=\u00bb4.18.0&#8243; _module_preset=\u00bbdefault\u00bb global_colors_info=\u00bb{}\u00bb][et_pb_text _builder_version=\u00bb4.18.0&#8243; _module_preset=\u00bbdefault\u00bb text_font=\u00bbMontserrat|700|||||||\u00bb text_font_size=\u00bb20px\u00bb global_colors_info=\u00bb{}\u00bb]<\/p>\n<h2 style=\"text-align: center;\">C.E.I.P.<br \/>SILVIO ABAD<\/h2>\n<p>[\/et_pb_text][et_pb_image src=\u00bbhttps:\/\/www.futsalsanse.com\/webnueva\/wp-content\/uploads\/2022\/09\/fotos-cole-futsal-San-Sebastian.jpg\u00bb alt=\u00bbfutsal sanse san sebastian\u00bb title_text=\u00bbfotos-cole-futsal-San-Sebastian\u00bb url=\u00bbhttps:\/\/www.futsalsanse.com\/webnueva\/tienda\/\u00bb _builder_version=\u00bb4.18.0&#8243; _module_preset=\u00bbdefault\u00bb global_colors_info=\u00bb{}\u00bb][\/et_pb_image][et_pb_text _builder_version=\u00bb4.18.0&#8243; _module_preset=\u00bbdefault\u00bb global_colors_info=\u00bb{}\u00bb]<\/p>\n<p>Horarios:<br \/>Lunes y mi\u00e9rcoles 16:00-17:15<\/p>\n<p>Calle del Dos de Mayo, 2<\/p>\n<p>[\/et_pb_text][et_pb_button button_url=\u00bbhttps:\/\/www.futsalsanse.com\/webnueva\/tienda\/\u00bb button_text=\u00bbAP\u00daNTATE\u00bb button_alignment=\u00bbcenter\u00bb admin_label=\u00bbAPUNTATE\u00bb _builder_version=\u00bb4.18.0&#8243; _module_preset=\u00bbdefault\u00bb custom_button=\u00bbon\u00bb button_text_size=\u00bb18px\u00bb button_text_color=\u00bb#FFFFFF\u00bb button_bg_color=\u00bb#E02B20&#8243; transform_scale_linked=\u00bboff\u00bb global_colors_info=\u00bb{}\u00bb][\/et_pb_button][\/et_pb_column][\/et_pb_row][\/et_pb_section]<\/p>\n","protected":false},"excerpt":{"rendered":"<p>COLEGIOSC.P. Infantas Elena y CristinaAvenida Moscatelares, 17 Lunes y mi\u00e9rcoles &#8211; 16:00-17:15Martes y Jueves &#8211; 16:00-17:15C.E.I.P. Buero VallejoCalle Vizcaya, 28 Lunes y mi\u00e9rcoles &#8211; 16:00-17:15C.P. V CentenarioCalle Real, 116 Lunes y mi\u00e9rcoles &#8211; 16:00-17:15 C.E.I.P. Teresa de CalcutaCalle Clara Campoamor, 3 Martes-Jueves &#8211; 16:00-17:15 &nbsp;C.E.I.P. TempranalesCalle Picos de Europa, 10 Martes-Jueves &#8211; 16:00-17:15 &nbsp;C.E.I.P. Miguel [&hellip;]<\/p>\n","protected":false},"author":1,"featured_media":0,"parent":0,"menu_order":0,"comment_status":"closed","ping_status":"closed","template":"","meta":{"_et_pb_use_builder":"on","_et_pb_old_content":"","_et_gb_content_width":"","footnotes":""},"class_list":["post-6444","page","type-page","status-publish","hentry"],"jetpack_sharing_enabled":true,"_links":{"self":[{"href":"https:\/\/www.futsalsanse.com\/webnueva\/wp-json\/wp\/v2\/pages\/6444","targetHints":{"allow":["GET"]}}],"collection":[{"href":"https:\/\/www.futsalsanse.com\/webnueva\/wp-json\/wp\/v2\/pages"}],"about":[{"href":"https:\/\/www.futsalsanse.com\/webnueva\/wp-json\/wp\/v2\/types\/page"}],"author":[{"embeddable":true,"href":"https:\/\/www.futsalsanse.com\/webnueva\/wp-json\/wp\/v2\/users\/1"}],"replies":[{"embeddable":true,"href":"https:\/\/www.futsalsanse.com\/webnueva\/wp-json\/wp\/v2\/comments?post=6444"}],"version-history":[{"count":12,"href":"https:\/\/www.futsalsanse.com\/webnueva\/wp-json\/wp\/v2\/pages\/6444\/revisions"}],"predecessor-version":[{"id":6511,"href":"https:\/\/www.futsalsanse.com\/webnueva\/wp-json\/wp\/v2\/pages\/6444\/revisions\/6511"}],"wp:attachment":[{"href":"https:\/\/www.futsalsanse.com\/webnueva\/wp-json\/wp\/v2\/media?parent=6444"}],"curies":[{"name":"wp","href":"https:\/\/api.w.org\/{rel}","templated":true}]}}